{"id":1136,"date":"2023-06-22T14:30:59","date_gmt":"2023-06-22T12:30:59","guid":{"rendered":"https:\/\/hotel-moulin-des-templiers.com\/spirit-of-the-mill\/"},"modified":"2025-12-21T10:51:28","modified_gmt":"2025-12-21T09:51:28","slug":"spirit-of-the-mill","status":"publish","type":"page","link":"https:\/\/hotel-moulin-des-templiers.com\/en\/spirit-of-the-mill\/","title":{"rendered":"Spirit of the Mill"},"content":{"rendered":"<div class=\"wpb-content-wrapper\"><p>[vc_row full_width=&#8221;stretch_row_content&#8221; css=&#8221;.vc_custom_1627481226197{padding-right: 15px !important;padding-left: 15px !important;}&#8221;][vc_column width=&#8221;1\/4&#8243;][\/vc_column][vc_column width=&#8221;1\/2&#8243;]<div class=\"ult-spacer spacer-69f212e6aeeeb\" data-id=\"69f212e6aeeeb\" data-height=\"100\" data-height-mobile=\"50\" data-height-tab=\"\" data-height-tab-portrait=\"\" data-height-mobile-landscape=\"\" style=\"clear:both;display:block;\"><\/div>[vc_custom_heading text=&#8221;Our Eco-Responsible Philosophy&#8221; font_container=&#8221;tag:h2|text_align:center&#8221; use_theme_fonts=&#8221;yes&#8221;][vc_custom_heading text=&#8221;Let&#8217;s Preserve Our Green Haven&#8221; font_container=&#8221;tag:h3|text_align:center&#8221; use_theme_fonts=&#8221;yes&#8221;]<div class=\"ult-spacer spacer-69f212e6aef10\" data-id=\"69f212e6aef10\" data-height=\"20\" data-height-mobile=\"10\" data-height-tab=\"\" data-height-tab-portrait=\"\" data-height-mobile-landscape=\"\" style=\"clear:both;display:block;\"><\/div>[vc_column_text]<\/p>\n<p style=\"text-align: justify;\">The team at Moulin des Templiers is committed to an eco-friendly approach aimed to reduce the carbon footprint of your stay.<\/p>\n<p style=\"text-align: justify;\">Here, in our valley, at the doorstep of the village, we take care of you as we do of nature. And nature rewards us kindly.<\/p>\n<p style=\"text-align: justify;\">Since 2011, we have been dedicated to preserve the environment.<\/p>\n<p style=\"text-align: justify;\">We have been awarded the \u00ab <a href=\"https:\/\/tourisme.parcdumorvan.org\/fr\/dormir\/hotels\/le-moulin-des-templiers_25_REF-HOT-HOTBOU0890000569.html\" target=\"_blank\" rel=\"noopener\">Valeurs Parc naturel r\u00e9gional<\/a> \u00bb (Regional Natural Park Values) label.<br \/>\nAll our development decisions are made with this commitment in mind. Here is a list of our implemented ecological initiatives.<\/p>\n<p>[\/vc_column_text]<div class=\"ult-spacer spacer-69f212e6aef23\" data-id=\"69f212e6aef23\" data-height=\"100\" data-height-mobile=\"50\" data-height-tab=\"\" data-height-tab-portrait=\"\" data-height-mobile-landscape=\"\" style=\"clear:both;display:block;\"><\/div>[\/vc_column][vc_column width=&#8221;1\/4&#8243;][\/vc_column][\/vc_row][vc_row type=&#8221;vc_default&#8221; full_width=&#8221;stretch_row_content&#8221; css=&#8221;.vc_custom_1680599067406{padding-right: 25px !important;padding-left: 25px !important;}&#8221;][vc_column width=&#8221;1\/12&#8243; css=&#8221;.vc_custom_1664137801569{margin-left: 0px !important;padding-left: 0px !important;}&#8221; offset=&#8221;vc_hidden-md vc_hidden-sm vc_hidden-xs&#8221;][\/vc_column][vc_column width=&#8221;5\/12&#8243; css=&#8221;.vc_custom_1696597677235{margin-right: 0px !important;padding-right: 0px !important;}&#8221;][vc_single_image image=&#8221;1063&#8243; img_size=&#8221;750&#215;450&#8243;]<div class=\"ult-spacer spacer-69f212e6aef35\" data-id=\"69f212e6aef35\" data-height=\"25\" data-height-mobile=\"25\" data-height-tab=\"25\" data-height-tab-portrait=\"\" data-height-mobile-landscape=\"\" style=\"clear:both;display:block;\"><\/div>[vc_custom_heading text=&#8221;Saving Energy &amp; Natural Resources&#8221; font_container=&#8221;tag:h3|text_align:left&#8221; use_theme_fonts=&#8221;yes&#8221;]<div class=\"ult-spacer spacer-69f212e6aef42\" data-id=\"69f212e6aef42\" data-height=\"25\" data-height-mobile=\"25\" data-height-tab=\"25\" data-height-tab-portrait=\"\" data-height-mobile-landscape=\"\" style=\"clear:both;display:block;\"><\/div>[vc_column_text css=&#8221;.vc_custom_1687515506056{margin-bottom: 0px !important;}&#8221;]. Hotel\u2019s lights are switched off at 11:00 PM to avoid disturbing wildlife.<br \/>\n. Installation of solar panels with 1800L storage for hot water (rooms + wellness area).<br \/>\n. Use of a heat pump to limit the use of fossil fuels.<br \/>\n. Autonomous wastewater treatment system.<br \/>\n. River restoration to its natural course as part of ecological continuity, in collaboration with The Parc du Morvan.<br \/>\n. Improvement of thermal and acoustic insulation in the establishment.<br \/>\n. Implementation of LED bulbs throughout the facility.<br \/>\n. Replacement of bathtubs with showers to reduce clean water consumption.<br \/>\n. Sanitary equipment with dual flush.<br \/>\n. Signage in room (towel washing on demand).<br \/>\n. Bath towels made of organic cotton.<br \/>\n. Staff training in daily eco-friendly practices.<br \/>\n. Participation in the &#8220;Chat Sauvage&#8221; forest group against intensive resinous wood agriculture in Morvan.<br \/>\n. Ecological wooden building for the wellness area.[\/vc_column_text]<div class=\"ult-spacer spacer-69f212e6aef52\" data-id=\"69f212e6aef52\" data-height=\"100\" data-height-mobile=\"50\" data-height-tab=\"\" data-height-tab-portrait=\"\" data-height-mobile-landscape=\"\" style=\"clear:both;display:block;\"><\/div>[\/vc_column][vc_column width=&#8221;5\/12&#8243; css=&#8221;.vc_custom_1698679229354{margin-right: 0px !important;padding-right: 0px !important;}&#8221;][vc_single_image image=&#8221;1068&#8243; img_size=&#8221;750&#215;450&#8243;]<div class=\"ult-spacer spacer-69f212e6aef5e\" data-id=\"69f212e6aef5e\" data-height=\"25\" data-height-mobile=\"25\" data-height-tab=\"25\" data-height-tab-portrait=\"\" data-height-mobile-landscape=\"\" style=\"clear:both;display:block;\"><\/div>[vc_custom_heading text=&#8221;Waste Reduction&#8221; font_container=&#8221;tag:h3|text_align:left&#8221; use_theme_fonts=&#8221;yes&#8221;]<div class=\"ult-spacer spacer-69f212e6aef6a\" data-id=\"69f212e6aef6a\" data-height=\"25\" data-height-mobile=\"25\" data-height-tab=\"25\" data-height-tab-portrait=\"\" data-height-mobile-landscape=\"\" style=\"clear:both;display:block;\"><\/div>[vc_column_text css=&#8221;.vc_custom_1687515529199{margin-bottom: 0px !important;}&#8221;]. Elimination of individual packaging to minimize waste (rechargeable soap dispensers, cleaning products in bulk packaging).<br \/>\n. Recycling bins throughout the establishment.<br \/>\n. Use of bamboo straws at the bar.<br \/>\n. Composting of green waste and compostable papers.<br \/>\n. Cloth table napkins.<br \/>\n. Zero-waste and local handcraft items in the reception shop: bamboo straws, fabric bulk bags, soap, shampoo, solid toothpaste, compostable toothbrushes, etc.[\/vc_column_text]<div class=\"ult-spacer spacer-69f212e6aef76\" data-id=\"69f212e6aef76\" data-height=\"100\" data-height-mobile=\"50\" data-height-tab=\"\" data-height-tab-portrait=\"\" data-height-mobile-landscape=\"\" style=\"clear:both;display:block;\"><\/div>[\/vc_column][vc_column width=&#8221;1\/12&#8243;][\/vc_column][\/vc_row][vc_row type=&#8221;vc_default&#8221; full_width=&#8221;stretch_row_content&#8221; css=&#8221;.vc_custom_1681471283233{padding-right: 25px !important;padding-left: 25px !important;}&#8221;][vc_column width=&#8221;1\/12&#8243; css=&#8221;.vc_custom_1664137801569{margin-left: 0px !important;padding-left: 0px !important;}&#8221; offset=&#8221;vc_hidden-md vc_hidden-sm vc_hidden-xs&#8221;][\/vc_column][vc_column width=&#8221;5\/12&#8243; css=&#8221;.vc_custom_1696597705367{margin-right: 0px !important;padding-right: 0px !important;}&#8221;][vc_single_image image=&#8221;527&#8243; img_size=&#8221;750&#215;450&#8243;]<div class=\"ult-spacer spacer-69f212e6aef82\" data-id=\"69f212e6aef82\" data-height=\"25\" data-height-mobile=\"25\" data-height-tab=\"25\" data-height-tab-portrait=\"\" data-height-mobile-landscape=\"\" style=\"clear:both;display:block;\"><\/div>[vc_custom_heading text=&#8221;Wellbeing initiatives&#8221; font_container=&#8221;tag:h3|text_align:left&#8221; use_theme_fonts=&#8221;yes&#8221;]<div class=\"ult-spacer spacer-69f212e6aef8e\" data-id=\"69f212e6aef8e\" data-height=\"10\" data-height-mobile=\"10\" data-height-tab=\"10\" data-height-tab-portrait=\"\" data-height-mobile-landscape=\"\" style=\"clear:both;display:block;\"><\/div>[vc_column_text css=&#8221;.vc_custom_1687515614217{margin-bottom: 0px !important;}&#8221;]. Use of eco-labeled cleaning products.<br \/>\n. Dispensers for organic soap\/shampoo.<br \/>\n. Production and sale of our wine in biodynamics.<br \/>\n. Short supply chain for the restaurant, shop, and bar, prioritizing local and organic producers.[\/vc_column_text]<div class=\"ult-spacer spacer-69f212e6aef9a\" data-id=\"69f212e6aef9a\" data-height=\"100\" data-height-mobile=\"50\" data-height-tab=\"\" data-height-tab-portrait=\"\" data-height-mobile-landscape=\"\" style=\"clear:both;display:block;\"><\/div>[\/vc_column][vc_column width=&#8221;5\/12&#8243; css=&#8221;.vc_custom_1698679258067{margin-right: 0px !important;padding-right: 0px !important;}&#8221;][vc_single_image image=&#8221;62&#8243; img_size=&#8221;750&#215;450&#8243;]<div class=\"ult-spacer spacer-69f212e6aefa5\" data-id=\"69f212e6aefa5\" data-height=\"25\" data-height-mobile=\"25\" data-height-tab=\"25\" data-height-tab-portrait=\"\" data-height-mobile-landscape=\"\" style=\"clear:both;display:block;\"><\/div>[vc_custom_heading text=&#8221;Our Projects&#8221; font_container=&#8221;tag:h3|text_align:left&#8221; use_theme_fonts=&#8221;yes&#8221;]<div class=\"ult-spacer spacer-69f212e6aefaf\" data-id=\"69f212e6aefaf\" data-height=\"10\" data-height-mobile=\"10\" data-height-tab=\"10\" data-height-tab-portrait=\"\" data-height-mobile-landscape=\"\" style=\"clear:both;display:block;\"><\/div>[vc_column_text css=&#8221;.vc_custom_1687515627356{margin-bottom: 0px !important;}&#8221;]. Obtain the first environmental label &#8220;Cl\u00e9 Verte&#8221; (Green Key).<br \/>\n. Install water collectors for irrigation.<br \/>\n. Signage for a wild garden with the installation of beehives.<br \/>\n. Implement a green roof on the wellness area building.[\/vc_column_text]<div class=\"ult-spacer spacer-69f212e6aefba\" data-id=\"69f212e6aefba\" data-height=\"100\" data-height-mobile=\"50\" data-height-tab=\"\" data-height-tab-portrait=\"\" data-height-mobile-landscape=\"\" style=\"clear:both;display:block;\"><\/div>[\/vc_column][vc_column width=&#8221;1\/12&#8243;][\/vc_column][\/vc_row][vc_row][vc_column width=&#8221;1\/4&#8243;][\/vc_column][vc_column width=&#8221;1\/2&#8243;]<div class=\"ult-spacer spacer-69f212e6aefd1\" data-id=\"69f212e6aefd1\" data-height=\"50\" data-height-mobile=\"25\" data-height-tab=\"\" data-height-tab-portrait=\"\" data-height-mobile-landscape=\"\" style=\"clear:both;display:block;\"><\/div>[vc_custom_heading text=&#8221;History of the\u2019\u2019Banal&#8221; font_container=&#8221;tag:h3|text_align:center&#8221; use_theme_fonts=&#8221;yes&#8221;]<div class=\"ult-spacer spacer-69f212e6aefdd\" data-id=\"69f212e6aefdd\" data-height=\"10\" data-height-mobile=\"10\" data-height-tab=\"10\" data-height-tab-portrait=\"\" data-height-mobile-landscape=\"\" style=\"clear:both;display:block;\"><\/div>[vc_column_text]<\/p>\n<p style=\"text-align: center;\"><strong>1167<\/strong><br \/>\nOn the riverbank stands the Moulin Banal (affiliated with the Templar commandery of Island) and the Chapel of St. John the Baptist: a donation from a lord of Avallon to the Templars.<\/p>\n<p style=\"text-align: center;\"><strong>1506<\/strong><br \/>\nThe priest of Pontaubert still celebrated Mass in the chapel.<\/p>\n<p style=\"text-align: center;\"><strong>1569<\/strong><br \/>\nThe Huguenots burned down the Moulin Banal and the small chapel of Pontaubert.<\/p>\n<p style=\"text-align: center;\"><strong>1910<\/strong><br \/>\nThe last function of the mill was the production of ice blocks.<\/p>\n<p style=\"text-align: center;\"><strong>1925<\/strong><br \/>\nIt was transformed into a hotel.<\/p>\n<p>[\/vc_column_text]<div class=\"ult-spacer spacer-69f212e6aefe8\" data-id=\"69f212e6aefe8\" data-height=\"50\" data-height-mobile=\"25\" data-height-tab=\"\" data-height-tab-portrait=\"\" data-height-mobile-landscape=\"\" style=\"clear:both;display:block;\"><\/div>[\/vc_column][vc_column width=&#8221;1\/4&#8243;][\/vc_column][\/vc_row][vc_row type=&#8221;vc_default&#8221; full_width=&#8221;stretch_row_content&#8221; css=&#8221;.vc_custom_1681471638009{background-color: #e6e2db !important;}&#8221;][vc_column width=&#8221;2\/3&#8243; css=&#8221;.vc_custom_1643895320561{margin-top: 0px !important;margin-right: 0px !important;margin-bottom: 0px !important;margin-left: 0px !important;border-bottom-width: 0px !important;padding-top: 0px !important;padding-right: 0px !important;padding-bottom: 0px !important;padding-left: 0px !important;}&#8221;][vc_single_image image=&#8221;42&#8243; img_size=&#8221;1800&#215;900&#8243; alignment=&#8221;center&#8221; css=&#8221;.vc_custom_1681472448548{margin-top: 0px !important;margin-right: 0px !important;margin-bottom: 0px !important;margin-left: 0px !important;padding-top: 0px !important;padding-right: 0px !important;padding-bottom: 0px !important;padding-left: 0px !important;}&#8221;][\/vc_column][vc_column width=&#8221;1\/3&#8243; css=&#8221;.vc_custom_1627568609056{margin-right: 0px !important;margin-left: 0px !important;padding-top: 50px !important;padding-right: 25px !important;padding-bottom: 50px !important;padding-left: 25px !important;}&#8221;][vc_custom_heading text=&#8221;Direct booking&#8221; font_container=&#8221;tag:h3|text_align:left|color:%23194759&#8243; use_theme_fonts=&#8221;yes&#8221; link=&#8221;url:https%3A%2F%2Fwww.secure-hotel-booking.com%2Fsmart%2FHotel-de-La-Muse-et-du-Rozier%2FJIG2%2Ffr%2F|title:R%C3%A9server|target:_blank&#8221;][vc_custom_heading text=&#8221;Advantages&#8221; font_container=&#8221;tag:h5|text_align:left|color:%23194759&#8243; use_theme_fonts=&#8221;yes&#8221;]<div class=\"ult-spacer spacer-69f212e6aeff2\" data-id=\"69f212e6aeff2\" data-height=\"25\" data-height-mobile=\"25\" data-height-tab=\"25\" data-height-tab-portrait=\"\" data-height-mobile-landscape=\"\" style=\"clear:both;display:block;\"><\/div>[vc_column_text css=&#8221;.vc_custom_1702596608445{margin-bottom: 0px !important;}&#8221;]Best Price Guaranteed: -10%<\/p>\n<p>Flexible Cancellation Conditions<\/p>\n<p>More Availability<\/p>\n<p>Active Eco-Friendly Initiatives<\/p>\n<p>Customised Reservations<\/p>\n<p>Free Access to the Wellness Area<br \/>\n[\/vc_column_text]<div class=\"ult-spacer spacer-69f212e6aeffd\" data-id=\"69f212e6aeffd\" data-height=\"25\" data-height-mobile=\"25\" data-height-tab=\"25\" data-height-tab-portrait=\"\" data-height-mobile-landscape=\"\" style=\"clear:both;display:block;\"><\/div><style type=\"text\/css\" data-type=\"the7_shortcodes-inline-css\">#default-btn-f8e2f47eba42d99ce4b9a240c2e9c18c.ico-right-side > i {\n  margin-right: 0px;\n  margin-left: 8px;\n}\n#default-btn-f8e2f47eba42d99ce4b9a240c2e9c18c > i {\n  margin-right: 8px;\n}\n<\/style><a href=\"https:\/\/premium.logishotels.com\/fo\/booking\/233\/423836\/dates?specialMode=default&amp;langcode=EN&amp;custid=233&amp;_ga=GA1.3.1178674041.1731664906&amp;hotelid=423836&amp;m=booking\" class=\"default-btn-shortcode dt-btn dt-btn-m link-hover-off widget-resa btn-inline-left \" target=\"_blank\" id=\"default-btn-f8e2f47eba42d99ce4b9a240c2e9c18c\" title=\"Book online\" rel=\"noopener\"><span>Book online<\/span><\/a>[\/vc_column][\/vc_row][vc_row full_width=&#8221;stretch_row_content&#8221; css=&#8221;.vc_custom_1643892996317{padding-right: 25px !important;padding-left: 25px !important;}&#8221;][vc_column width=&#8221;1\/6&#8243;]<div class=\"ult-spacer spacer-69f212e6af0fc\" data-id=\"69f212e6af0fc\" data-height=\"100\" data-height-mobile=\"50\" data-height-tab=\"\" data-height-tab-portrait=\"\" data-height-mobile-landscape=\"\" style=\"clear:both;display:block;\"><\/div><div class=\"ult-just-icon-wrapper  \"><div class=\"align-icon\" style=\"text-align:center;\">\n<div class=\"aio-icon none \"  style=\"color:#827b78;font-size:32px;display:inline-block;\">\n\t<i class=\"fas fa-tree\"><\/i>\n<\/div><\/div><\/div><div class=\"ult-spacer spacer-69f212e6af30e\" data-id=\"69f212e6af30e\" data-height=\"25\" data-height-mobile=\"25\" data-height-tab=\"25\" data-height-tab-portrait=\"\" data-height-mobile-landscape=\"\" style=\"clear:both;display:block;\"><\/div>[vc_custom_heading text=&#8221;In the Heart of Nature&#8221; font_container=&#8221;tag:h3|text_align:center&#8221; use_theme_fonts=&#8221;yes&#8221;]<div class=\"ult-spacer spacer-69f212e6af31a\" data-id=\"69f212e6af31a\" data-height=\"10\" data-height-mobile=\"10\" data-height-tab=\"10\" data-height-tab-portrait=\"\" data-height-mobile-landscape=\"\" style=\"clear:both;display:block;\"><\/div>[vc_column_text css=&#8221;.vc_custom_1681994786669{margin-bottom: 0px !important;}&#8221;]<\/p>\n<p style=\"text-align: center;\">In the Morvan Regional Natural Park, immerse yourself in nature.<\/p>\n<p>[\/vc_column_text]<div class=\"ult-spacer spacer-69f212e6af325\" data-id=\"69f212e6af325\" data-height=\"100\" data-height-mobile=\"0\" data-height-tab=\"\" data-height-tab-portrait=\"\" data-height-mobile-landscape=\"\" style=\"clear:both;display:block;\"><\/div>[\/vc_column][vc_column width=&#8221;1\/6&#8243;]<div class=\"ult-spacer spacer-69f212e6af332\" data-id=\"69f212e6af332\" data-height=\"100\" data-height-mobile=\"50\" data-height-tab=\"\" data-height-tab-portrait=\"\" data-height-mobile-landscape=\"\" style=\"clear:both;display:block;\"><\/div><div class=\"ult-just-icon-wrapper  \"><div class=\"align-icon\" style=\"text-align:center;\">\n<div class=\"aio-icon none \"  style=\"color:#827b78;font-size:32px;display:inline-block;\">\n\t<i class=\"fas fa-hand-holding-heart\"><\/i>\n<\/div><\/div><\/div><div class=\"ult-spacer spacer-69f212e6af350\" data-id=\"69f212e6af350\" data-height=\"25\" data-height-mobile=\"25\" data-height-tab=\"25\" data-height-tab-portrait=\"\" data-height-mobile-landscape=\"\" style=\"clear:both;display:block;\"><\/div>[vc_custom_heading text=&#8221;Ecological Initiatives&#8221; font_container=&#8221;tag:h3|text_align:center&#8221; use_theme_fonts=&#8221;yes&#8221;]<div class=\"ult-spacer spacer-69f212e6af359\" data-id=\"69f212e6af359\" data-height=\"10\" data-height-mobile=\"10\" data-height-tab=\"10\" data-height-tab-portrait=\"\" data-height-mobile-landscape=\"\" style=\"clear:both;display:block;\"><\/div>[vc_column_text css=&#8221;.vc_custom_1681469853581{margin-bottom: 0px !important;}&#8221;]<\/p>\n<p style=\"text-align: center;\">Committed daily<br \/>\nto reduce our environmental impact.<\/p>\n<p>[\/vc_column_text]<div class=\"ult-spacer spacer-69f212e6af363\" data-id=\"69f212e6af363\" data-height=\"100\" data-height-mobile=\"50\" data-height-tab=\"\" data-height-tab-portrait=\"\" data-height-mobile-landscape=\"\" style=\"clear:both;display:block;\"><\/div>[\/vc_column][vc_column width=&#8221;1\/6&#8243;]<div class=\"ult-spacer spacer-69f212e6af36c\" data-id=\"69f212e6af36c\" data-height=\"100\" data-height-mobile=\"50\" data-height-tab=\"\" data-height-tab-portrait=\"\" data-height-mobile-landscape=\"\" style=\"clear:both;display:block;\"><\/div><div class=\"ult-just-icon-wrapper  \"><div class=\"align-icon\" style=\"text-align:center;\">\n<div class=\"aio-icon none \"  style=\"color:#827b78;font-size:32px;display:inline-block;\">\n\t<i class=\"fas fa-leaf\"><\/i>\n<\/div><\/div><\/div><div class=\"ult-spacer spacer-69f212e6af384\" data-id=\"69f212e6af384\" data-height=\"25\" data-height-mobile=\"25\" data-height-tab=\"25\" data-height-tab-portrait=\"\" data-height-mobile-landscape=\"\" style=\"clear:both;display:block;\"><\/div>[vc_custom_heading text=&#8221;Wellness<br \/>\nArea&#8221; font_container=&#8221;tag:h3|text_align:center&#8221; use_theme_fonts=&#8221;yes&#8221;]<div class=\"ult-spacer spacer-69f212e6af38d\" data-id=\"69f212e6af38d\" data-height=\"10\" data-height-mobile=\"10\" data-height-tab=\"10\" data-height-tab-portrait=\"\" data-height-mobile-landscape=\"\" style=\"clear:both;display:block;\"><\/div>[vc_column_text css=&#8221;.vc_custom_1681469847793{margin-bottom: 0px !important;}&#8221;]<\/p>\n<p style=\"text-align: center;\">Complimentary access<br \/>\nto the wellness area<br \/>\nfor hotel guests.<\/p>\n<p>[\/vc_column_text]<div class=\"ult-spacer spacer-69f212e6af396\" data-id=\"69f212e6af396\" data-height=\"100\" data-height-mobile=\"0\" data-height-tab=\"\" data-height-tab-portrait=\"\" data-height-mobile-landscape=\"\" style=\"clear:both;display:block;\"><\/div>[\/vc_column][vc_column width=&#8221;1\/6&#8243;]<div class=\"ult-spacer spacer-69f212e6af39f\" data-id=\"69f212e6af39f\" data-height=\"100\" data-height-mobile=\"50\" data-height-tab=\"\" data-height-tab-portrait=\"\" data-height-mobile-landscape=\"\" style=\"clear:both;display:block;\"><\/div><div class=\"ult-just-icon-wrapper  \"><div class=\"align-icon\" style=\"text-align:center;\">\n<div class=\"aio-icon none \"  style=\"color:#827b78;font-size:32px;display:inline-block;\">\n\t<i class=\"fas fa-wifi\"><\/i>\n<\/div><\/div><\/div><div class=\"ult-spacer spacer-69f212e6af3b6\" data-id=\"69f212e6af3b6\" data-height=\"25\" data-height-mobile=\"25\" data-height-tab=\"25\" data-height-tab-portrait=\"\" data-height-mobile-landscape=\"\" style=\"clear:both;display:block;\"><\/div>[vc_custom_heading text=&#8221;High-Speed Internet&#8221; font_container=&#8221;tag:h3|text_align:center&#8221; use_theme_fonts=&#8221;yes&#8221;]<div class=\"ult-spacer spacer-69f212e6af3bf\" data-id=\"69f212e6af3bf\" data-height=\"10\" data-height-mobile=\"10\" data-height-tab=\"10\" data-height-tab-portrait=\"\" data-height-mobile-landscape=\"\" style=\"clear:both;display:block;\"><\/div>[vc_column_text css=&#8221;.vc_custom_1698682018753{margin-bottom: 0px !important;}&#8221;]<\/p>\n<p style=\"text-align: center;\">Free high-speed internet access provided through fiber available throughout the hotel.<\/p>\n<p>[\/vc_column_text]<div class=\"ult-spacer spacer-69f212e6af3cb\" data-id=\"69f212e6af3cb\" data-height=\"100\" data-height-mobile=\"50\" data-height-tab=\"\" data-height-tab-portrait=\"\" data-height-mobile-landscape=\"\" style=\"clear:both;display:block;\"><\/div>[\/vc_column][vc_column width=&#8221;1\/6&#8243;]<div class=\"ult-spacer spacer-69f212e6af3d4\" data-id=\"69f212e6af3d4\" data-height=\"100\" data-height-mobile=\"50\" data-height-tab=\"\" data-height-tab-portrait=\"\" data-height-mobile-landscape=\"\" style=\"clear:both;display:block;\"><\/div><div class=\"ult-just-icon-wrapper  \"><div class=\"align-icon\" style=\"text-align:center;\">\n<div class=\"aio-icon none \"  style=\"color:#827b78;font-size:32px;display:inline-block;\">\n\t<i class=\"fas fa-car\"><\/i>\n<\/div><\/div><\/div><div class=\"ult-spacer spacer-69f212e6af3ea\" data-id=\"69f212e6af3ea\" data-height=\"25\" data-height-mobile=\"25\" data-height-tab=\"25\" data-height-tab-portrait=\"\" data-height-mobile-landscape=\"\" style=\"clear:both;display:block;\"><\/div>[vc_custom_heading text=&#8221;Free Private Parking&#8221; font_container=&#8221;tag:h3|text_align:center&#8221; use_theme_fonts=&#8221;yes&#8221;]<div class=\"ult-spacer spacer-69f212e6af3f3\" data-id=\"69f212e6af3f3\" data-height=\"10\" data-height-mobile=\"10\" data-height-tab=\"10\" data-height-tab-portrait=\"\" data-height-mobile-landscape=\"\" style=\"clear:both;display:block;\"><\/div>[vc_column_text css=&#8221;.vc_custom_1681469785089{margin-bottom: 0px !important;}&#8221;]<\/p>\n<p style=\"text-align: center;\">The hotel offers<br \/>\nfree private parking<br \/>\nlocated nearby.<\/p>\n<p>[\/vc_column_text]<div class=\"ult-spacer spacer-69f212e6af3fc\" data-id=\"69f212e6af3fc\" data-height=\"100\" data-height-mobile=\"0\" data-height-tab=\"\" data-height-tab-portrait=\"\" data-height-mobile-landscape=\"\" style=\"clear:both;display:block;\"><\/div>[\/vc_column][vc_column width=&#8221;1\/6&#8243;]<div class=\"ult-spacer spacer-69f212e6af404\" data-id=\"69f212e6af404\" data-height=\"100\" data-height-mobile=\"50\" data-height-tab=\"\" data-height-tab-portrait=\"\" data-height-mobile-landscape=\"\" style=\"clear:both;display:block;\"><\/div><div class=\"ult-just-icon-wrapper  \"><div class=\"align-icon\" style=\"text-align:center;\">\n<div class=\"aio-icon none \"  style=\"color:#827b78;font-size:32px;display:inline-block;\">\n\t<i class=\"fas fa-charging-station\"><\/i>\n<\/div><\/div><\/div><div class=\"ult-spacer spacer-69f212e6af419\" data-id=\"69f212e6af419\" data-height=\"25\" data-height-mobile=\"25\" data-height-tab=\"25\" data-height-tab-portrait=\"\" data-height-mobile-landscape=\"\" style=\"clear:both;display:block;\"><\/div>[vc_custom_heading text=&#8221;Electric Charging&#8221; font_container=&#8221;tag:h3|text_align:center&#8221; use_theme_fonts=&#8221;yes&#8221;]<div class=\"ult-spacer spacer-69f212e6af422\" data-id=\"69f212e6af422\" data-height=\"10\" data-height-mobile=\"10\" data-height-tab=\"10\" data-height-tab-portrait=\"\" data-height-mobile-landscape=\"\" style=\"clear:both;display:block;\"><\/div>[vc_column_text css=&#8221;.vc_custom_1698682025300{margin-bottom: 0px !important;}&#8221;]<\/p>\n<p style=\"text-align: center;\">Charging available in our parking area.<\/p>\n<p>[\/vc_column_text]<div class=\"ult-spacer spacer-69f212e6af42b\" data-id=\"69f212e6af42b\" data-height=\"100\" data-height-mobile=\"50\" data-height-tab=\"\" data-height-tab-portrait=\"\" data-height-mobile-landscape=\"\" style=\"clear:both;display:block;\"><\/div>[\/vc_column][\/vc_row][vc_row type=&#8221;vc_default&#8221; full_width=&#8221;stretch_row_content_no_spaces&#8221;][vc_column css=&#8221;.vc_custom_1627559679722{padding-top: 0px !important;}&#8221;]<div class=\"sbvcgmap-map-wrapper\" style=\"width:100%;height:400px\"><div class=\"sbvcgmap-map\" zoom=\"7\" maptype=\"ROADMAP\" panoramatogglebutton=\"no\" pancontrol=\"no\" pancontrol_position=\"TOP_LEFT\" zoomcontrol=\"no\" zoomcontrol_position=\"TOP_LEFT\" zoomcontrolstyle=\"SMALL\" maptypecontrol=\"no\" maptypecontrol_position=\"TOP_RIGHT\" streetviewcontrol=\"no\" streetviewcontrol_position=\"TOP_LEFT\" overviewmapcontrol=\"yes\" overviewmapcontrolvisible=\"no\" maptypecontrolstyle=\"DROPDOWN_MENU\" mapstyle=\"style-32\" weather=\"no\" traffic=\"no\" transit=\"no\" bicycle=\"no\" panoramio=\"no\" draggable=\"yes\" scrollwheel=\"no\" cplatitude=\"47.488809521986\" cplongitude=\"3.8678664827368\" scalecontrol=\"yes\" searchtype=\"disabled\" searchradius=\"500\" searchiconanimation=\"NONE\" searchdirectiontext=\"\" reloadonresize=\"no\" clustering=\"no\" style=\"width:100%;height:400px\"><div class=\"sbvcgmap-marker\" data-lat=\"47.488809521986\" data-lng=\"3.8678664827368\" infowindow=\"no\" icon=\"https:\/\/hotel-moulin-des-templiers.com\/wp-content\/uploads\/2023\/10\/Pin-Moulin-des-Templiers-1.png\" animation=\"NONE\" customstyles=\"no\" ><\/div><\/div><\/div>[\/vc_column][\/vc_row]<\/p>\n<\/div>","protected":false},"excerpt":{"rendered":"<p>[vc_row full_width=&#8221;stretch_row_content&#8221; css=&#8221;.vc_custom_1627481226197{padding-right: 15px !important;padding-left: 15px !important;}&#8221;][vc_column width=&#8221;1\/4&#8243;][\/vc_column][vc_column width=&#8221;1\/2&#8243;][vc_custom_heading text=&#8221;Our Eco-Responsible Philosophy&#8221; font_container=&#8221;tag:h2|text_align:center&#8221; use_theme_fonts=&#8221;yes&#8221;][vc_custom_heading text=&#8221;Let&#8217;s Preserve Our Green Haven&#8221; font_container=&#8221;tag:h3|text_align:center&#8221; use_theme_fonts=&#8221;yes&#8221;][vc_column_text] The team at Moulin des Templiers is committed to an eco-friendly approach aimed to reduce the carbon footprint of your stay. Here, in our valley, at the doorstep of the village, we take care&hellip;<\/p>\n","protected":false},"author":1,"featured_media":0,"parent":0,"menu_order":20,"comment_status":"closed","ping_status":"closed","template":"","meta":{"footnotes":""},"class_list":["post-1136","page","type-page","status-publish","hentry","description-off"],"yoast_head":"<!-- This site is optimized with the Yoast SEO plugin v27.5 - https:\/\/yoast.com\/product\/yoast-seo-wordpress\/ -->\n<title>Hotel &amp; Spa Moulin des Templiers - Charming hotel V\u00e9zelay<\/title>\n<meta name=\"description\" content=\"In the Morvan Natural Park near V\u00e9zelay and Avallon, renovated hotel with contemporary waterfront rooms. Wellness &amp; Spa available.\" \/>\n<meta name=\"robots\" content=\"index, follow, max-snippet:-1, max-image-preview:large, max-video-preview:-1\" \/>\n<link rel=\"canonical\" href=\"https:\/\/hotel-moulin-des-templiers.com\/en\/spirit-of-the-mill\/\" \/>\n<meta property=\"og:locale\" content=\"en_US\" \/>\n<meta property=\"og:type\" content=\"article\" \/>\n<meta property=\"og:title\" content=\"Hotel &amp; Spa Moulin des Templiers - Charming hotel V\u00e9zelay\" \/>\n<meta property=\"og:description\" content=\"In the Morvan Natural Park near V\u00e9zelay and Avallon, renovated hotel with contemporary waterfront rooms. Wellness &amp; Spa available.\" \/>\n<meta property=\"og:url\" content=\"https:\/\/hotel-moulin-des-templiers.com\/en\/spirit-of-the-mill\/\" \/>\n<meta property=\"og:site_name\" content=\"Moulin des Templiers &amp; Spa - H\u00f4tel de Charme V\u00e9zelay, Morvan\" \/>\n<meta property=\"article:publisher\" content=\"https:\/\/www.facebook.com\/hotelmoulindestempliers\" \/>\n<meta property=\"article:modified_time\" content=\"2025-12-21T09:51:28+00:00\" \/>\n<meta name=\"twitter:card\" content=\"summary_large_image\" \/>\n<meta name=\"twitter:label1\" content=\"Est. reading time\" \/>\n\t<meta name=\"twitter:data1\" content=\"6 minutes\" \/>\n<script type=\"application\/ld+json\" class=\"yoast-schema-graph\">{\"@context\":\"https:\\\/\\\/schema.org\",\"@graph\":[{\"@type\":\"WebPage\",\"@id\":\"https:\\\/\\\/hotel-moulin-des-templiers.com\\\/en\\\/spirit-of-the-mill\\\/\",\"url\":\"https:\\\/\\\/hotel-moulin-des-templiers.com\\\/en\\\/spirit-of-the-mill\\\/\",\"name\":\"Hotel & Spa Moulin des Templiers - Charming hotel V\u00e9zelay\",\"isPartOf\":{\"@id\":\"https:\\\/\\\/hotel-moulin-des-templiers.com\\\/en\\\/#website\"},\"datePublished\":\"2023-06-22T12:30:59+00:00\",\"dateModified\":\"2025-12-21T09:51:28+00:00\",\"description\":\"In the Morvan Natural Park near V\u00e9zelay and Avallon, renovated hotel with contemporary waterfront rooms. Wellness & Spa available.\",\"breadcrumb\":{\"@id\":\"https:\\\/\\\/hotel-moulin-des-templiers.com\\\/en\\\/spirit-of-the-mill\\\/#breadcrumb\"},\"inLanguage\":\"en-US\",\"potentialAction\":[{\"@type\":\"ReadAction\",\"target\":[\"https:\\\/\\\/hotel-moulin-des-templiers.com\\\/en\\\/spirit-of-the-mill\\\/\"]}]},{\"@type\":\"BreadcrumbList\",\"@id\":\"https:\\\/\\\/hotel-moulin-des-templiers.com\\\/en\\\/spirit-of-the-mill\\\/#breadcrumb\",\"itemListElement\":[{\"@type\":\"ListItem\",\"position\":1,\"name\":\"Accueil\",\"item\":\"https:\\\/\\\/hotel-moulin-des-templiers.com\\\/en\\\/\"},{\"@type\":\"ListItem\",\"position\":2,\"name\":\"Spirit of the Mill\"}]},{\"@type\":\"WebSite\",\"@id\":\"https:\\\/\\\/hotel-moulin-des-templiers.com\\\/en\\\/#website\",\"url\":\"https:\\\/\\\/hotel-moulin-des-templiers.com\\\/en\\\/\",\"name\":\"H\u00f4tel Moulin des Templiers & Spa - H\u00f4tel de Charme V\u00e9zelay, Morvan\",\"description\":\"Un site d\u00e9velopp\u00e9 par PMT Hotels\",\"publisher\":{\"@id\":\"https:\\\/\\\/hotel-moulin-des-templiers.com\\\/en\\\/#organization\"},\"potentialAction\":[{\"@type\":\"SearchAction\",\"target\":{\"@type\":\"EntryPoint\",\"urlTemplate\":\"https:\\\/\\\/hotel-moulin-des-templiers.com\\\/en\\\/?s={search_term_string}\"},\"query-input\":{\"@type\":\"PropertyValueSpecification\",\"valueRequired\":true,\"valueName\":\"search_term_string\"}}],\"inLanguage\":\"en-US\"},{\"@type\":\"Organization\",\"@id\":\"https:\\\/\\\/hotel-moulin-des-templiers.com\\\/en\\\/#organization\",\"name\":\"H\u00f4tel Moulin des Templiers & Spa\",\"url\":\"https:\\\/\\\/hotel-moulin-des-templiers.com\\\/en\\\/\",\"logo\":{\"@type\":\"ImageObject\",\"inLanguage\":\"en-US\",\"@id\":\"https:\\\/\\\/hotel-moulin-des-templiers.com\\\/en\\\/#\\\/schema\\\/logo\\\/image\\\/\",\"url\":\"https:\\\/\\\/pmt-hotels.fr\\\/moulin-templiers\\\/wp-content\\\/uploads\\\/2023\\\/09\\\/Logo-Moulin-de-Templiers-600.png\",\"contentUrl\":\"https:\\\/\\\/pmt-hotels.fr\\\/moulin-templiers\\\/wp-content\\\/uploads\\\/2023\\\/09\\\/Logo-Moulin-de-Templiers-600.png\",\"width\":600,\"height\":331,\"caption\":\"H\u00f4tel Moulin des Templiers & Spa\"},\"image\":{\"@id\":\"https:\\\/\\\/hotel-moulin-des-templiers.com\\\/en\\\/#\\\/schema\\\/logo\\\/image\\\/\"},\"sameAs\":[\"https:\\\/\\\/www.facebook.com\\\/hotelmoulindestempliers\",\"https:\\\/\\\/www.instagram.com\\\/moulindestempliers\\\/\"]}]}<\/script>\n<!-- \/ Yoast SEO plugin. -->","yoast_head_json":{"title":"Hotel & Spa Moulin des Templiers - Charming hotel V\u00e9zelay","description":"In the Morvan Natural Park near V\u00e9zelay and Avallon, renovated hotel with contemporary waterfront rooms. Wellness & Spa available.","robots":{"index":"index","follow":"follow","max-snippet":"max-snippet:-1","max-image-preview":"max-image-preview:large","max-video-preview":"max-video-preview:-1"},"canonical":"https:\/\/hotel-moulin-des-templiers.com\/en\/spirit-of-the-mill\/","og_locale":"en_US","og_type":"article","og_title":"Hotel & Spa Moulin des Templiers - Charming hotel V\u00e9zelay","og_description":"In the Morvan Natural Park near V\u00e9zelay and Avallon, renovated hotel with contemporary waterfront rooms. Wellness & Spa available.","og_url":"https:\/\/hotel-moulin-des-templiers.com\/en\/spirit-of-the-mill\/","og_site_name":"Moulin des Templiers &amp; Spa - H\u00f4tel de Charme V\u00e9zelay, Morvan","article_publisher":"https:\/\/www.facebook.com\/hotelmoulindestempliers","article_modified_time":"2025-12-21T09:51:28+00:00","twitter_card":"summary_large_image","twitter_misc":{"Est. reading time":"6 minutes"},"schema":{"@context":"https:\/\/schema.org","@graph":[{"@type":"WebPage","@id":"https:\/\/hotel-moulin-des-templiers.com\/en\/spirit-of-the-mill\/","url":"https:\/\/hotel-moulin-des-templiers.com\/en\/spirit-of-the-mill\/","name":"Hotel & Spa Moulin des Templiers - Charming hotel V\u00e9zelay","isPartOf":{"@id":"https:\/\/hotel-moulin-des-templiers.com\/en\/#website"},"datePublished":"2023-06-22T12:30:59+00:00","dateModified":"2025-12-21T09:51:28+00:00","description":"In the Morvan Natural Park near V\u00e9zelay and Avallon, renovated hotel with contemporary waterfront rooms. Wellness & Spa available.","breadcrumb":{"@id":"https:\/\/hotel-moulin-des-templiers.com\/en\/spirit-of-the-mill\/#breadcrumb"},"inLanguage":"en-US","potentialAction":[{"@type":"ReadAction","target":["https:\/\/hotel-moulin-des-templiers.com\/en\/spirit-of-the-mill\/"]}]},{"@type":"BreadcrumbList","@id":"https:\/\/hotel-moulin-des-templiers.com\/en\/spirit-of-the-mill\/#breadcrumb","itemListElement":[{"@type":"ListItem","position":1,"name":"Accueil","item":"https:\/\/hotel-moulin-des-templiers.com\/en\/"},{"@type":"ListItem","position":2,"name":"Spirit of the Mill"}]},{"@type":"WebSite","@id":"https:\/\/hotel-moulin-des-templiers.com\/en\/#website","url":"https:\/\/hotel-moulin-des-templiers.com\/en\/","name":"H\u00f4tel Moulin des Templiers & Spa - H\u00f4tel de Charme V\u00e9zelay, Morvan","description":"Un site d\u00e9velopp\u00e9 par PMT Hotels","publisher":{"@id":"https:\/\/hotel-moulin-des-templiers.com\/en\/#organization"},"potentialAction":[{"@type":"SearchAction","target":{"@type":"EntryPoint","urlTemplate":"https:\/\/hotel-moulin-des-templiers.com\/en\/?s={search_term_string}"},"query-input":{"@type":"PropertyValueSpecification","valueRequired":true,"valueName":"search_term_string"}}],"inLanguage":"en-US"},{"@type":"Organization","@id":"https:\/\/hotel-moulin-des-templiers.com\/en\/#organization","name":"H\u00f4tel Moulin des Templiers & Spa","url":"https:\/\/hotel-moulin-des-templiers.com\/en\/","logo":{"@type":"ImageObject","inLanguage":"en-US","@id":"https:\/\/hotel-moulin-des-templiers.com\/en\/#\/schema\/logo\/image\/","url":"https:\/\/pmt-hotels.fr\/moulin-templiers\/wp-content\/uploads\/2023\/09\/Logo-Moulin-de-Templiers-600.png","contentUrl":"https:\/\/pmt-hotels.fr\/moulin-templiers\/wp-content\/uploads\/2023\/09\/Logo-Moulin-de-Templiers-600.png","width":600,"height":331,"caption":"H\u00f4tel Moulin des Templiers & Spa"},"image":{"@id":"https:\/\/hotel-moulin-des-templiers.com\/en\/#\/schema\/logo\/image\/"},"sameAs":["https:\/\/www.facebook.com\/hotelmoulindestempliers","https:\/\/www.instagram.com\/moulindestempliers\/"]}]}},"_links":{"self":[{"href":"https:\/\/hotel-moulin-des-templiers.com\/en\/wp-json\/wp\/v2\/pages\/1136","targetHints":{"allow":["GET"]}}],"collection":[{"href":"https:\/\/hotel-moulin-des-templiers.com\/en\/wp-json\/wp\/v2\/pages"}],"about":[{"href":"https:\/\/hotel-moulin-des-templiers.com\/en\/wp-json\/wp\/v2\/types\/page"}],"author":[{"embeddable":true,"href":"https:\/\/hotel-moulin-des-templiers.com\/en\/wp-json\/wp\/v2\/users\/1"}],"replies":[{"embeddable":true,"href":"https:\/\/hotel-moulin-des-templiers.com\/en\/wp-json\/wp\/v2\/comments?post=1136"}],"version-history":[{"count":6,"href":"https:\/\/hotel-moulin-des-templiers.com\/en\/wp-json\/wp\/v2\/pages\/1136\/revisions"}],"predecessor-version":[{"id":1816,"href":"https:\/\/hotel-moulin-des-templiers.com\/en\/wp-json\/wp\/v2\/pages\/1136\/revisions\/1816"}],"wp:attachment":[{"href":"https:\/\/hotel-moulin-des-templiers.com\/en\/wp-json\/wp\/v2\/media?parent=1136"}],"curies":[{"name":"wp","href":"https:\/\/api.w.org\/{rel}","templated":true}]}}